{"id":679,"date":"2023-05-24T22:15:33","date_gmt":"2023-05-24T20:15:33","guid":{"rendered":"https:\/\/www.saintlouis.be\/islfondamental\/_dev\/?page_id=679"},"modified":"2023-08-24T15:03:46","modified_gmt":"2023-08-24T13:03:46","slug":"projet-pedagogique","status":"publish","type":"page","link":"https:\/\/www.saintlouis.be\/islfondamental\/saint-louis-2-cardinal\/projet-pedagogique\/","title":{"rendered":"Projet p\u00e9dagogique"},"content":{"rendered":"<section class=\"wpb-content-wrapper\"><p>[vc_row css_animation=\u00a0\u00bb\u00a0\u00bb row_type=\u00a0\u00bbrow\u00a0\u00bb use_row_as_full_screen_section=\u00a0\u00bbno\u00a0\u00bb type=\u00a0\u00bbfull_width\u00a0\u00bb angled_section=\u00a0\u00bbno\u00a0\u00bb text_align=\u00a0\u00bbleft\u00a0\u00bb background_image_as_pattern=\u00a0\u00bbwithout_pattern\u00a0\u00bb][vc_column][vc_empty_space][\/vc_column][\/vc_row][vc_row css_animation=\u00a0\u00bb\u00a0\u00bb row_type=\u00a0\u00bbrow\u00a0\u00bb use_row_as_full_screen_section=\u00a0\u00bbno\u00a0\u00bb type=\u00a0\u00bbgrid\u00a0\u00bb angled_section=\u00a0\u00bbno\u00a0\u00bb text_align=\u00a0\u00bbleft\u00a0\u00bb background_image_as_pattern=\u00a0\u00bbwithout_pattern\u00a0\u00bb z_index=\u00a0\u00bb\u00a0\u00bb css=\u00a0\u00bb.vc_custom_1684953533950{margin-left: 0px !important;}\u00a0\u00bb][vc_column width=\u00a0\u00bb1\/4&Prime; css=\u00a0\u00bb.vc_custom_1684954301054{margin-right: 0px !important;margin-left: 0px !important;border-right-width: 40px !important;background-color: #94ced1 !important;}\u00a0\u00bb el_class=\u00a0\u00bbborderbox\u00a0\u00bb][vc_column_text]<\/p>\n<h4>Saint-Louis 2 &#8211; Cardinal<\/h4>\n<p>[\/vc_column_text][vc_column_text]<a href=\"https:\/\/www.saintlouis.be\/islfondamental\/saint-louis-2-cardinal\/\">A propos\u00a0<\/a>[\/vc_column_text][vc_separator type=\u00a0\u00bbnormal\u00a0\u00bb][vc_column_text]<a href=\"https:\/\/www.saintlouis.be\/islfondamental\/saint-louis-2-cardinal\/projet-educatif\/\">Le projet \u00e9ducatif<\/a>[\/vc_column_text][vc_separator type=\u00a0\u00bbnormal\u00a0\u00bb][vc_column_text]<a href=\"https:\/\/www.saintlouis.be\/islfondamental\/saint-louis-2-cardinal\/projet-pedagogique\/\">Le projet p\u00e9dagogique<\/a>[\/vc_column_text][vc_separator type=\u00a0\u00bbnormal\u00a0\u00bb][vc_column_text]<a href=\"https:\/\/www.saintlouis.be\/islfondamental\/saint-louis-2-cardinal\/projet-detablissement\/\">Le projet d&rsquo;\u00e9tablissement<\/a>[\/vc_column_text][vc_separator type=\u00a0\u00bbnormal\u00a0\u00bb][vc_column_text]<a href=\"https:\/\/www.saintlouis.be\/islfondamental\/saint-louis-2-cardinal\/acces\/\">Acc\u00e8s<\/a>[\/vc_column_text][vc_separator type=\u00a0\u00bbnormal\u00a0\u00bb][vc_column_text]<a href=\"https:\/\/www.saintlouis.be\/islfondamental\/saint-louis-2-cardinal\/contact-et-inscription\/\">Contact et inscription<\/a>[\/vc_column_text][vc_separator type=\u00a0\u00bbnormal\u00a0\u00bb][vc_column_text]<a href=\"https:\/\/www.saintlouis.be\/islfondamental\/saint-louis-2-cardinal\/equipe-pedagogique\/\">Equipe p\u00e9dagogique <\/a>[\/vc_column_text][vc_empty_space][\/vc_column][vc_column width=\u00a0\u00bb3\/4&Prime; css=\u00a0\u00bb.vc_custom_1684954607607{margin-right: 0px !important;margin-left: 0px !important;}\u00a0\u00bb el_class=\u00a0\u00bbbordercontent\u00a0\u00bb][vc_column_text]<\/p>\n<h2>Projet p\u00e9dagogique<\/h2>\n<p>[\/vc_column_text][vc_separator type=\u00a0\u00bbsmall\u00a0\u00bb position=\u00a0\u00bbleft\u00a0\u00bb color=\u00a0\u00bb#94ced1&Prime; thickness=\u00a0\u00bb5&Prime; width=\u00a0\u00bb40&Prime; up=\u00a0\u00bb10&Prime; down=\u00a0\u00bb30&Prime;][vc_column_text]Le projet p\u00e9dagogique de l&rsquo;\u00e9cole chr\u00e9tienne, se fonde sur un ensemble de convictions partag\u00e9es dont la source est le Projet p\u00e9dagogique de la F\u00e9d\u00e9ration de l&rsquo;enseignement fondamental et secondaire catholique.<br \/>\nSa r\u00e9alisation, outre la mise en oeuvre des moyens n\u00e9cessaires, suppose l&rsquo;adh\u00e9sion de chaque partenaire.<br \/>\nNotre \u00e9cole se veut un lieu de formation et d&rsquo;\u00e9mancipation, de culture et de vie.<\/p>\n<h3>Notre objectif p\u00e9dagogique aura donc comme pr\u00e9occupation premi\u00e8re :<\/h3>\n<ol>\n<li>de permettre \u00e0 tout \u00e9tudiant d\u00e9sireux d&rsquo;entreprendre une formation d&rsquo;enseignement g\u00e9n\u00e9ral d&rsquo;\u00eatre initi\u00e9 \u00e0 l&rsquo;esprit humaniste \u00e0 travers des disciplines enseign\u00e9es.<\/li>\n<li>\u00a0de favoriser par des pratiques p\u00e9dagogiques adapt\u00e9es, structur\u00e9es et coh\u00e9rentes, le d\u00e9veloppement intellectuel optimal de l&rsquo;\u00e9l\u00e8ve par l&rsquo;acquisition de savoirs et de comp\u00e9tences.<\/li>\n<li>d&rsquo;inscrire cet apprentissage dans le cadre d&rsquo;un \u00e9panouissement harmonieux de la personnalit\u00e9.<\/li>\n<\/ol>\n<p>&nbsp;<\/p>\n<p>Cela suppose que soient privil\u00e9gi\u00e9s l&rsquo;ouverture d&rsquo;esprit, le respect r\u00e9ciproque, l&rsquo;accession progressive \u00e0 l&rsquo;autonomie ainsi qu&rsquo;aux relations adultes.<\/p>\n<p>&nbsp;<\/p>\n<h3>A. Notre p\u00e9dagogie veut donner du sens \u00e0 l&rsquo;apprentissage<\/h3>\n<p>L&rsquo;\u00e9l\u00e8ve en est le centre en m\u00eame temps qu&rsquo;il en devient l&rsquo;acteur principal par sa motivation, son travail, ses initiatives, sa curiosit\u00e9 intellectuelle, sa volont\u00e9 de progresser.<br \/>\nCet apprentissage au-del\u00e0 de l&rsquo;acquisition de savoirs et de comp\u00e9tences suppose \u00e9galement :<\/p>\n<ol>\n<li>Le d\u00e9veloppement de la cr\u00e9ativit\u00e9, de l&rsquo;esprit critique et du jugement.<\/li>\n<li>Le souci d&rsquo;apprendre dans la perspective d&rsquo;\u00e9tudes sup\u00e9rieures.<\/li>\n<li>Une r\u00e9flexion lucide sur l&rsquo;orientation en fonction des motivations, des aptitudes, d&rsquo;une insertion progressive dans la vie sociale et professionnelle.<\/li>\n<\/ol>\n<p>&nbsp;<\/p>\n<h3>B. Notre p\u00e9dagogie cherche \u00e0 promouvoir la coop\u00e9ration et la responsabilit\u00e9<\/h3>\n<p>Dans cet esprit, elle s&rsquo;appuiera sur :<\/p>\n<ol>\n<li>Une \u00e9valuation r\u00e9fl\u00e9chie, exigeante et humaine en termes de perspectives.<\/li>\n<li>Une \u00e9coute aux demandes formul\u00e9es par les \u00e9l\u00e8ves et les parents et une volont\u00e9 de r\u00e9gler positivement les \u00e9ventuels conflits internes et externes que peut rencontrer une \u00e9cole.<\/li>\n<li>Des initiatives permettant aux jeunes de s&rsquo;ouvrir \u00e0 une dimension europ\u00e9enne et mondiale.<\/li>\n<li>La mise en place de mesures de rem\u00e9diation et d&rsquo;accompagnement.<\/li>\n<li>Des comportements de travail qui favoriseront la solidarit\u00e9, la communication et l&rsquo;autonomie.<\/li>\n<li>Le respect de r\u00e8gles de vie claires, connues de tous et partag\u00e9es.<\/li>\n<\/ol>\n<p>&nbsp;<\/p>\n<h3>C. Notre p\u00e9dagogie s&rsquo;enrichit de la diff\u00e9rence<\/h3>\n<ol>\n<li>Elle cherche \u00e0 assurer aux \u00e9l\u00e8ves en difficult\u00e9 comme aux plus performants les occasions d&rsquo;\u00e9panouissement<\/li>\n<li>Elle encourage la diversit\u00e9 des approches d&rsquo;apprentissage.<\/li>\n<li>Elle stimule le jeune \u00e0 prendre conscience de son identit\u00e9, \u00e0 acqu\u00e9rir plus d&rsquo;autonomie et d&rsquo;estime de soi.<\/li>\n<li>Elle veille \u00e0 construire des relations de qualit\u00e9 pour faire na\u00eetre le sens du lien social.<\/li>\n<li>Elle reconna\u00eet chacun, y compris dans ses h\u00e9sitations tout en l&rsquo;aidant \u00e0 trouver un \u00e9quilibre dans le d\u00e9veloppement harmonieux de toutes ses d\u00e9cisions de femme et d&rsquo;homme en devenir.<\/li>\n<li>Elle affirme son identit\u00e9 chr\u00e9tienne par l&rsquo;adh\u00e9sion aux valeurs \u00e9vang\u00e9liques.<\/li>\n<\/ol>\n<p>Les moyens de cette p\u00e9dagogie sont ceux que met en place une \u00e9quipe \u00e9ducative consciente de sa propre h\u00e9t\u00e9rog\u00e9n\u00e9it\u00e9, soucieuse d&rsquo;utiliser les qualit\u00e9s de chacun de ses membres.<\/p>\n<p>Notre projet \u00e9ducatif et p\u00e9dagogique propose un cadre qui, loin d&rsquo;\u00eatre exhaustif, constitue une r\u00e9f\u00e9rence de r\u00e9flexion pour notre communaut\u00e9 scolaire dans son cheminement.[\/vc_column_text][\/vc_column][\/vc_row][vc_row css_animation=\u00a0\u00bb\u00a0\u00bb row_type=\u00a0\u00bbrow\u00a0\u00bb use_row_as_full_screen_section=\u00a0\u00bbno\u00a0\u00bb type=\u00a0\u00bbfull_width\u00a0\u00bb angled_section=\u00a0\u00bbno\u00a0\u00bb text_align=\u00a0\u00bbleft\u00a0\u00bb background_image_as_pattern=\u00a0\u00bbwithout_pattern\u00a0\u00bb][vc_column][vc_empty_space height=\u00a0\u00bb82px\u00a0\u00bb][\/vc_column][\/vc_row]<\/p>\n<\/section>","protected":false},"excerpt":{"rendered":"<p>[vc_row css_animation=\u00a0\u00bb\u00a0\u00bb row_type=\u00a0\u00bbrow\u00a0\u00bb use_row_as_full_screen_section=\u00a0\u00bbno\u00a0\u00bb type=\u00a0\u00bbfull_width\u00a0\u00bb angled_section=\u00a0\u00bbno\u00a0\u00bb text_align=\u00a0\u00bbleft\u00a0\u00bb background_image_as_pattern=\u00a0\u00bbwithout_pattern\u00a0\u00bb][vc_column][vc_empty_space][\/vc_column][\/vc_row][vc_row css_animation=\u00a0\u00bb\u00a0\u00bb row_type=\u00a0\u00bbrow\u00a0\u00bb use_row_as_full_screen_section=\u00a0\u00bbno\u00a0\u00bb type=\u00a0\u00bbgrid\u00a0\u00bb angled_section=\u00a0\u00bbno\u00a0\u00bb text_align=\u00a0\u00bbleft\u00a0\u00bb background_image_as_pattern=\u00a0\u00bbwithout_pattern\u00a0\u00bb z_index=\u00a0\u00bb\u00a0\u00bb css=\u00a0\u00bb.vc_custom_1684953533950{margin-left: 0px !important;}\u00a0\u00bb][vc_column width=\u00a0\u00bb1\/4&Prime; css=\u00a0\u00bb.vc_custom_1684954301054{margin-right: 0px !important;margin-left: 0px !important;border-right-width: 40px !important;background-color: #94ced1 !important;}\u00a0\u00bb el_class=\u00a0\u00bbborderbox\u00a0\u00bb][vc_column_text] Saint-Louis 2 &#8211; Cardinal [\/vc_column_text][vc_column_text]A propos\u00a0[\/vc_column_text][vc_separator type=\u00a0\u00bbnormal\u00a0\u00bb][vc_column_text]Le projet \u00e9ducatif[\/vc_column_text][vc_separator type=\u00a0\u00bbnormal\u00a0\u00bb][vc_column_text]Le projet p\u00e9dagogique[\/vc_column_text][vc_separator type=\u00a0\u00bbnormal\u00a0\u00bb][vc_column_text]Le projet d&rsquo;\u00e9tablissement[\/vc_column_text][vc_separator&#8230;<\/p>\n","protected":false},"author":1,"featured_media":0,"parent":449,"menu_order":0,"comment_status":"closed","ping_status":"closed","template":"full_width.php","meta":{"inline_featured_image":false,"footnotes":""},"class_list":["post-679","page","type-page","status-publish","hentry"],"yoast_head":"<!-- This site is optimized with the Yoast SEO plugin v21.0 - https:\/\/yoast.com\/wordpress\/plugins\/seo\/ -->\n<title>Projet p\u00e9dagogique - Institut Saint-Louis Bruxelles - Enseignement fondamental<\/title>\n<meta name=\"description\" content=\"Notre p\u00e9dagogie veut donner du sens \u00e0 l&#039;apprentissage - cherche \u00e0 promouvoir la coop\u00e9ration et la responsabilit\u00e9 - s&#039;enrichit de la diff\u00e9rence.\" \/>\n<meta name=\"robots\" content=\"index, follow, max-snippet:-1, max-image-preview:large, max-video-preview:-1\" \/>\n<link rel=\"canonical\" href=\"https:\/\/www.saintlouis.be\/islfondamental\/saint-louis-2-cardinal\/projet-pedagogique\/\" \/>\n<meta property=\"og:locale\" content=\"fr_FR\" \/>\n<meta property=\"og:type\" content=\"article\" \/>\n<meta property=\"og:title\" content=\"Projet p\u00e9dagogique - Institut Saint-Louis Bruxelles - Enseignement fondamental\" \/>\n<meta property=\"og:description\" content=\"Notre p\u00e9dagogie veut donner du sens \u00e0 l&#039;apprentissage - cherche \u00e0 promouvoir la coop\u00e9ration et la responsabilit\u00e9 - s&#039;enrichit de la diff\u00e9rence.\" \/>\n<meta property=\"og:url\" content=\"https:\/\/www.saintlouis.be\/islfondamental\/saint-louis-2-cardinal\/projet-pedagogique\/\" \/>\n<meta property=\"og:site_name\" content=\"Institut Saint-Louis Bruxelles - Enseignement fondamental\" \/>\n<meta property=\"article:modified_time\" content=\"2023-08-24T13:03:46+00:00\" \/>\n<meta name=\"twitter:card\" content=\"summary_large_image\" \/>\n<meta name=\"twitter:label1\" content=\"Dur\u00e9e de lecture estim\u00e9e\" \/>\n\t<meta name=\"twitter:data1\" content=\"3 minutes\" \/>\n<script type=\"application\/ld+json\" class=\"yoast-schema-graph\">{\"@context\":\"https:\/\/schema.org\",\"@graph\":[{\"@type\":\"WebPage\",\"@id\":\"https:\/\/www.saintlouis.be\/islfondamental\/saint-louis-2-cardinal\/projet-pedagogique\/\",\"url\":\"https:\/\/www.saintlouis.be\/islfondamental\/saint-louis-2-cardinal\/projet-pedagogique\/\",\"name\":\"Projet p\u00e9dagogique - Institut Saint-Louis Bruxelles - Enseignement fondamental\",\"isPartOf\":{\"@id\":\"https:\/\/www.saintlouis.be\/islfondamental\/#website\"},\"datePublished\":\"2023-05-24T20:15:33+00:00\",\"dateModified\":\"2023-08-24T13:03:46+00:00\",\"description\":\"Notre p\u00e9dagogie veut donner du sens \u00e0 l'apprentissage - cherche \u00e0 promouvoir la coop\u00e9ration et la responsabilit\u00e9 - s'enrichit de la diff\u00e9rence.\",\"breadcrumb\":{\"@id\":\"https:\/\/www.saintlouis.be\/islfondamental\/saint-louis-2-cardinal\/projet-pedagogique\/#breadcrumb\"},\"inLanguage\":\"fr-FR\",\"potentialAction\":[{\"@type\":\"ReadAction\",\"target\":[\"https:\/\/www.saintlouis.be\/islfondamental\/saint-louis-2-cardinal\/projet-pedagogique\/\"]}]},{\"@type\":\"BreadcrumbList\",\"@id\":\"https:\/\/www.saintlouis.be\/islfondamental\/saint-louis-2-cardinal\/projet-pedagogique\/#breadcrumb\",\"itemListElement\":[{\"@type\":\"ListItem\",\"position\":1,\"name\":\"Accueil\",\"item\":\"https:\/\/www.saintlouis.be\/islfondamental\/\"},{\"@type\":\"ListItem\",\"position\":2,\"name\":\"Saint-Louis 2 &#8211; Cardinal\",\"item\":\"https:\/\/www.saintlouis.be\/islfondamental\/saint-louis-2-cardinal\/\"},{\"@type\":\"ListItem\",\"position\":3,\"name\":\"Projet p\u00e9dagogique\"}]},{\"@type\":\"WebSite\",\"@id\":\"https:\/\/www.saintlouis.be\/islfondamental\/#website\",\"url\":\"https:\/\/www.saintlouis.be\/islfondamental\/\",\"name\":\"Institut Saint-Louis Bruxelles - Enseignement fondamental\",\"description\":\"\",\"publisher\":{\"@id\":\"https:\/\/www.saintlouis.be\/islfondamental\/#organization\"},\"potentialAction\":[{\"@type\":\"SearchAction\",\"target\":{\"@type\":\"EntryPoint\",\"urlTemplate\":\"https:\/\/www.saintlouis.be\/islfondamental\/?s={search_term_string}\"},\"query-input\":\"required name=search_term_string\"}],\"inLanguage\":\"fr-FR\"},{\"@type\":\"Organization\",\"@id\":\"https:\/\/www.saintlouis.be\/islfondamental\/#organization\",\"name\":\"Institut Saint-Louis\",\"url\":\"https:\/\/www.saintlouis.be\/islfondamental\/\",\"logo\":{\"@type\":\"ImageObject\",\"inLanguage\":\"fr-FR\",\"@id\":\"https:\/\/www.saintlouis.be\/islfondamental\/#\/schema\/logo\/image\/\",\"url\":\"https:\/\/www.saintlouis.be\/islfondamental\/wp-content\/uploads\/2023\/03\/Saint-Louis-Bruxelles-Logo.jpg\",\"contentUrl\":\"https:\/\/www.saintlouis.be\/islfondamental\/wp-content\/uploads\/2023\/03\/Saint-Louis-Bruxelles-Logo.jpg\",\"width\":900,\"height\":240,\"caption\":\"Institut Saint-Louis\"},\"image\":{\"@id\":\"https:\/\/www.saintlouis.be\/islfondamental\/#\/schema\/logo\/image\/\"}}]}<\/script>\n<!-- \/ Yoast SEO plugin. -->","yoast_head_json":{"title":"Projet p\u00e9dagogique - Institut Saint-Louis Bruxelles - Enseignement fondamental","description":"Notre p\u00e9dagogie veut donner du sens \u00e0 l'apprentissage - cherche \u00e0 promouvoir la coop\u00e9ration et la responsabilit\u00e9 - s'enrichit de la diff\u00e9rence.","robots":{"index":"index","follow":"follow","max-snippet":"max-snippet:-1","max-image-preview":"max-image-preview:large","max-video-preview":"max-video-preview:-1"},"canonical":"https:\/\/www.saintlouis.be\/islfondamental\/saint-louis-2-cardinal\/projet-pedagogique\/","og_locale":"fr_FR","og_type":"article","og_title":"Projet p\u00e9dagogique - Institut Saint-Louis Bruxelles - Enseignement fondamental","og_description":"Notre p\u00e9dagogie veut donner du sens \u00e0 l'apprentissage - cherche \u00e0 promouvoir la coop\u00e9ration et la responsabilit\u00e9 - s'enrichit de la diff\u00e9rence.","og_url":"https:\/\/www.saintlouis.be\/islfondamental\/saint-louis-2-cardinal\/projet-pedagogique\/","og_site_name":"Institut Saint-Louis Bruxelles - Enseignement fondamental","article_modified_time":"2023-08-24T13:03:46+00:00","twitter_card":"summary_large_image","twitter_misc":{"Dur\u00e9e de lecture estim\u00e9e":"3 minutes"},"schema":{"@context":"https:\/\/schema.org","@graph":[{"@type":"WebPage","@id":"https:\/\/www.saintlouis.be\/islfondamental\/saint-louis-2-cardinal\/projet-pedagogique\/","url":"https:\/\/www.saintlouis.be\/islfondamental\/saint-louis-2-cardinal\/projet-pedagogique\/","name":"Projet p\u00e9dagogique - Institut Saint-Louis Bruxelles - Enseignement fondamental","isPartOf":{"@id":"https:\/\/www.saintlouis.be\/islfondamental\/#website"},"datePublished":"2023-05-24T20:15:33+00:00","dateModified":"2023-08-24T13:03:46+00:00","description":"Notre p\u00e9dagogie veut donner du sens \u00e0 l'apprentissage - cherche \u00e0 promouvoir la coop\u00e9ration et la responsabilit\u00e9 - s'enrichit de la diff\u00e9rence.","breadcrumb":{"@id":"https:\/\/www.saintlouis.be\/islfondamental\/saint-louis-2-cardinal\/projet-pedagogique\/#breadcrumb"},"inLanguage":"fr-FR","potentialAction":[{"@type":"ReadAction","target":["https:\/\/www.saintlouis.be\/islfondamental\/saint-louis-2-cardinal\/projet-pedagogique\/"]}]},{"@type":"BreadcrumbList","@id":"https:\/\/www.saintlouis.be\/islfondamental\/saint-louis-2-cardinal\/projet-pedagogique\/#breadcrumb","itemListElement":[{"@type":"ListItem","position":1,"name":"Accueil","item":"https:\/\/www.saintlouis.be\/islfondamental\/"},{"@type":"ListItem","position":2,"name":"Saint-Louis 2 &#8211; Cardinal","item":"https:\/\/www.saintlouis.be\/islfondamental\/saint-louis-2-cardinal\/"},{"@type":"ListItem","position":3,"name":"Projet p\u00e9dagogique"}]},{"@type":"WebSite","@id":"https:\/\/www.saintlouis.be\/islfondamental\/#website","url":"https:\/\/www.saintlouis.be\/islfondamental\/","name":"Institut Saint-Louis Bruxelles - Enseignement fondamental","description":"","publisher":{"@id":"https:\/\/www.saintlouis.be\/islfondamental\/#organization"},"potentialAction":[{"@type":"SearchAction","target":{"@type":"EntryPoint","urlTemplate":"https:\/\/www.saintlouis.be\/islfondamental\/?s={search_term_string}"},"query-input":"required name=search_term_string"}],"inLanguage":"fr-FR"},{"@type":"Organization","@id":"https:\/\/www.saintlouis.be\/islfondamental\/#organization","name":"Institut Saint-Louis","url":"https:\/\/www.saintlouis.be\/islfondamental\/","logo":{"@type":"ImageObject","inLanguage":"fr-FR","@id":"https:\/\/www.saintlouis.be\/islfondamental\/#\/schema\/logo\/image\/","url":"https:\/\/www.saintlouis.be\/islfondamental\/wp-content\/uploads\/2023\/03\/Saint-Louis-Bruxelles-Logo.jpg","contentUrl":"https:\/\/www.saintlouis.be\/islfondamental\/wp-content\/uploads\/2023\/03\/Saint-Louis-Bruxelles-Logo.jpg","width":900,"height":240,"caption":"Institut Saint-Louis"},"image":{"@id":"https:\/\/www.saintlouis.be\/islfondamental\/#\/schema\/logo\/image\/"}}]}},"_links":{"self":[{"href":"https:\/\/www.saintlouis.be\/islfondamental\/wp-json\/wp\/v2\/pages\/679","targetHints":{"allow":["GET"]}}],"collection":[{"href":"https:\/\/www.saintlouis.be\/islfondamental\/wp-json\/wp\/v2\/pages"}],"about":[{"href":"https:\/\/www.saintlouis.be\/islfondamental\/wp-json\/wp\/v2\/types\/page"}],"author":[{"embeddable":true,"href":"https:\/\/www.saintlouis.be\/islfondamental\/wp-json\/wp\/v2\/users\/1"}],"replies":[{"embeddable":true,"href":"https:\/\/www.saintlouis.be\/islfondamental\/wp-json\/wp\/v2\/comments?post=679"}],"version-history":[{"count":1,"href":"https:\/\/www.saintlouis.be\/islfondamental\/wp-json\/wp\/v2\/pages\/679\/revisions"}],"predecessor-version":[{"id":681,"href":"https:\/\/www.saintlouis.be\/islfondamental\/wp-json\/wp\/v2\/pages\/679\/revisions\/681"}],"up":[{"embeddable":true,"href":"https:\/\/www.saintlouis.be\/islfondamental\/wp-json\/wp\/v2\/pages\/449"}],"wp:attachment":[{"href":"https:\/\/www.saintlouis.be\/islfondamental\/wp-json\/wp\/v2\/media?parent=679"}],"curies":[{"name":"wp","href":"https:\/\/api.w.org\/{rel}","templated":true}]}}